{"id":171,"date":"2020-08-10T16:07:10","date_gmt":"2020-08-10T16:07:10","guid":{"rendered":"http:\/\/caldejara.es\/?page_id=171"},"modified":"2023-08-21T16:21:26","modified_gmt":"2023-08-21T16:21:26","slug":"de-la-jara-ocana-2","status":"publish","type":"page","link":"http:\/\/caldejara.es\/?page_id=171","title":{"rendered":"DE LA JARA OCA\u00d1A"},"content":{"rendered":"\t\t<div data-elementor-type=\"wp-page\" data-elementor-id=\"171\" class=\"elementor elementor-171\">\n\t\t\t\t\t\t<section class=\"elementor-section elementor-top-section elementor-element elementor-element-7ff736b elementor-section-boxed elementor-section-height-default elementor-section-height-default\" data-id=\"7ff736b\" data-element_type=\"section\" data-e-type=\"section\">\n\t\t\t\t\t\t<div class=\"elementor-container elementor-column-gap-default\">\n\t\t\t\t\t<div class=\"elementor-column elementor-col-100 elementor-top-column elementor-element elementor-element-12ab536f\" data-id=\"12ab536f\" data-element_type=\"column\" data-e-type=\"column\">\n\t\t\t<div class=\"elementor-widget-wrap elementor-element-populated\">\n\t\t\t\t\t\t<div class=\"elementor-element elementor-element-6a008d45 elementor-widget elementor-widget-text-editor\" data-id=\"6a008d45\" data-element_type=\"widget\" data-e-type=\"widget\" data-widget_type=\"text-editor.default\">\n\t\t\t\t<div class=\"elementor-widget-container\">\n\t\t\t\t\t\t\t\t\t\n<p>Toda esta investigaci\u00f3n, que empez\u00f3 por mayo de 2019, comenz\u00f3 por el DNI de mi abuelo paterno Antonio de la Jara. En esos momentos no pod\u00eda imaginar que pod\u00eda llegar hasta tan lejos. Ahora comparto con vosotros toda la informaci\u00f3n que he recogido, la cual me ha hecho comprender e imaginar como fueron las vidas de nuestros antepasados. Os doy pinceladas de lo que he podido ir viendo y os invito a que aport\u00e9is historias, hechos o cualquier otra cosa que conozc\u00e1is, y si veis algo m\u00e1s que yo no haya visto, realic\u00e9is vuestra aportaci\u00f3n. Espero que disfrut\u00e9is como yo lo estoy haciendo.<\/p>\n\n\n<div class=\"wp-block-image\">\n<figure class=\"aligncenter size-large is-resized\"><img fetchpriority=\"high\" decoding=\"async\" src=\"http:\/\/caldejara.es\/wp-content\/uploads\/2022\/08\/De-la-Jara-Ocana-1024x673.png\" alt=\"\" class=\"wp-image-620\" style=\"width:1109px;height:728px\" width=\"1109\" height=\"728\" srcset=\"http:\/\/caldejara.es\/wp-content\/uploads\/2022\/08\/De-la-Jara-Ocana-1024x673.png 1024w, http:\/\/caldejara.es\/wp-content\/uploads\/2022\/08\/De-la-Jara-Ocana-300x197.png 300w, http:\/\/caldejara.es\/wp-content\/uploads\/2022\/08\/De-la-Jara-Ocana-768x505.png 768w, http:\/\/caldejara.es\/wp-content\/uploads\/2022\/08\/De-la-Jara-Ocana.png 1459w\" sizes=\"(max-width: 1109px) 100vw, 1109px\" \/><figcaption class=\"wp-element-caption\">En este \u00e1rbol se muestra s\u00f3lo hasta la 7\u00aa Generaci\u00f3n<\/figcaption><\/figure>\n<\/div>\n\n\n<p>Si quieres consultar m\u00e1s informaci\u00f3n sobre las personas del \u00e1rbol, b\u00fascalos en la tabla inferior. Est\u00e1n agrupados por parejas por la historia en com\u00fan que tienen.<\/p>\n\n\n\n<figure class=\"wp-block-table aligncenter is-style-regular\"><table class=\"has-fixed-layout\"><thead><tr><th class=\"has-text-align-center\" data-align=\"center\">L\u00cdNEA PATERNA <strong>(<a href=\"http:\/\/caldejara.es\/?page_id=199\">Ver \u00e1rbol<\/a>)<\/strong><\/th><th class=\"has-text-align-center\" data-align=\"center\">L\u00cdNEA MATERNA <strong>(<a href=\"http:\/\/caldejara.es\/?page_id=201\">Ver \u00e1rbol<\/a>)<\/strong><\/th><\/tr><\/thead><tbody><tr><td class=\"has-text-align-center\" data-align=\"center\"><strong>3\u00aa GENERACI\u00d3N<\/strong> (1906-1908)<\/td><td class=\"has-text-align-center\" data-align=\"center\"><strong>3\u00aa GENERACI\u00d3N<\/strong> (1924-1927)<\/td><\/tr><tr><td class=\"has-text-align-center\" data-align=\"center\"><a href=\"http:\/\/caldejara.es\/?page_id=5\" data-type=\"URL\" data-id=\"http:\/\/caldejara.es\/?page_id=5\" target=\"_blank\" rel=\"noreferrer noopener\">Antonio de la Jara Carrasco y Catalina S\u00e1nchez Franco<\/a><\/td><td class=\"has-text-align-center\" data-align=\"center\"><a href=\"http:\/\/caldejara.es\/?page_id=193\" data-type=\"URL\" data-id=\"http:\/\/caldejara.es\/?page_id=193\" target=\"_blank\" rel=\"noreferrer noopener\">Mat\u00edas Oca\u00f1a Cort\u00e9s y Mar\u00eda Dolores Delgado Ramos<\/a><\/td><\/tr><tr><td class=\"has-text-align-center\" data-align=\"center\"><strong>4\u00aa GENERACI\u00d3N<\/strong> (1871-1877)<\/td><td class=\"has-text-align-center\" data-align=\"center\"><strong>4\u00aa GENERACI\u00d3N<\/strong> (1893-1897)<\/td><\/tr><tr><td class=\"has-text-align-center\" data-align=\"center\"><a href=\"http:\/\/caldejara.es\/?page_id=160\" data-type=\"URL\" data-id=\"http:\/\/caldejara.es\/?page_id=160\" target=\"_blank\" rel=\"noreferrer noopener\">Antonio de la Jara del R\u00edo y Francisca Carrasco Romero<\/a><\/td><td class=\"has-text-align-center\" data-align=\"center\"><a href=\"http:\/\/caldejara.es\/?page_id=215\" data-type=\"URL\" data-id=\"http:\/\/caldejara.es\/?page_id=215\" target=\"_blank\" rel=\"noreferrer noopener\">Jos\u00e9 Oca\u00f1a Barroso y Antonia Cort\u00e9s Mart\u00ednez<\/a><\/td><\/tr><tr><td class=\"has-text-align-center\" data-align=\"center\"><a href=\"http:\/\/caldejara.es\/?page_id=263\" data-type=\"URL\" data-id=\"http:\/\/caldejara.es\/?page_id=263\" target=\"_blank\" rel=\"noreferrer noopener\">Jos\u00e9 S\u00e1nchez Medina y Antonia Franco Dur\u00e1n<\/a><\/td><td class=\"has-text-align-center\" data-align=\"center\"><a href=\"http:\/\/caldejara.es\/?page_id=272\" data-type=\"URL\" data-id=\"http:\/\/caldejara.es\/?page_id=272\" target=\"_blank\" rel=\"noreferrer noopener\">Joaqu\u00edn Delgado Guerrero y Josefa Ramos Guti\u00e9rrez<\/a><\/td><\/tr><tr><td class=\"has-text-align-center\" data-align=\"center\"><strong>5\u00aa GENERACI\u00d3N<\/strong> (1829-1855)<\/td><td class=\"has-text-align-center\" data-align=\"center\"><strong>5\u00aa GENERACI\u00d3N<\/strong> (1859-1877)<\/td><\/tr><tr><td class=\"has-text-align-center\" data-align=\"center\"><a href=\"http:\/\/caldejara.es\/?page_id=508\" data-type=\"URL\" data-id=\"http:\/\/caldejara.es\/?page_id=508\" target=\"_blank\" rel=\"noreferrer noopener\">Antonio de la Jara Romero y Sebastiana del R\u00edo Rodr\u00edguez<\/a><\/td><td class=\"has-text-align-center\" data-align=\"center\">Rafael Oca\u00f1a Galv\u00e1n y Rafaela Barroso S\u00e1nchez<\/td><\/tr><tr><td class=\"has-text-align-center\" data-align=\"center\">Manuel Carrasco G\u00f3ngora y Juana Romero Tenorio<\/td><td class=\"has-text-align-center\" data-align=\"center\">Mat\u00edas Cort\u00e9s Arag\u00f3n y Antonia Mart\u00ednez Garc\u00eda<\/td><\/tr><tr><td class=\"has-text-align-center\" data-align=\"center\">Roque S\u00e1nchez Fern\u00e1ndez y Josefa Medina Blanco<\/td><td class=\"has-text-align-center\" data-align=\"center\">Jos\u00e9 Delgado de la Flor y Sebastiana Guerrero Medina <\/td><\/tr><tr><td class=\"has-text-align-center\" data-align=\"center\">Tom\u00e1s Franco Villalba y Catalina Dur\u00e1n Rodr\u00edguez<\/td><td class=\"has-text-align-center\" data-align=\"center\">Jos\u00e9 Ramos Gonz\u00e1lez y Dolores Guti\u00e9rrez Delgado<\/td><\/tr><tr><td class=\"has-text-align-center\" data-align=\"center\"><strong>6\u00aa GENERACI\u00d3N<\/strong> (1804-1810)<\/td><td class=\"has-text-align-center\" data-align=\"center\"><strong>6\u00aa GENERACI\u00d3N<\/strong> (1819-<\/td><\/tr><tr><td class=\"has-text-align-center\" data-align=\"center\"><a href=\"http:\/\/caldejara.es\/?page_id=300\" data-type=\"URL\" data-id=\"http:\/\/caldejara.es\/?page_id=300\" target=\"_blank\" rel=\"noreferrer noopener\">Juan de la Jara Ru\u00edz e Isabel Romero Esquivel<\/a><\/td><td class=\"has-text-align-center\" data-align=\"center\">Francisco Oca\u00f1a Berrocal y Josefa Galv\u00e1n Lozano<\/td><\/tr><tr><td class=\"has-text-align-center\" data-align=\"center\">Francisco Rio Mar\u00edn y Mar\u00eda Rodr\u00edguez Rodr\u00edguez<\/td><td class=\"has-text-align-center\" data-align=\"center\">Juan Barroso G\u00f3mez y Ana S\u00e1nchez Atienza<\/td><\/tr><tr><td class=\"has-text-align-center\" data-align=\"center\">Bartolom\u00e9 Carrasco Moreno y Francisca G\u00f3ngora Garc\u00eda<\/td><td class=\"has-text-align-center\" data-align=\"center\">Domingo Cort\u00e9s y Leonor Arag\u00f3n<\/td><\/tr><tr><td class=\"has-text-align-center\" data-align=\"center\">Manuel Romero Blanco y Mar\u00eda Tenorio Monroy<\/td><td class=\"has-text-align-center\" data-align=\"center\">Antonio Mart\u00ednez Peralta y Francisca Garc\u00eda L\u00f3pez<\/td><\/tr><tr><td class=\"has-text-align-center\" data-align=\"center\">Roque S\u00e1nchez S\u00e1nchez y Josefa Fern\u00e1ndez<\/td><td class=\"has-text-align-center\" data-align=\"center\"><a rel=\"noreferrer noopener\" href=\"http:\/\/caldejara.es\/?page_id=445\" target=\"_blank\">Marcos Delgado Gonz\u00e1lez y Joaquina de la Flor Zarco<\/a><\/td><\/tr><tr><td class=\"has-text-align-center\" data-align=\"center\">Antonio Medina y Ana Blanco<\/td><td class=\"has-text-align-center\" data-align=\"center\">Juan Guerrero Calder\u00f3n y Manuela Medina Gonz\u00e1lez<\/td><\/tr><tr><td class=\"has-text-align-center\" data-align=\"center\">Tom\u00e1s Franco y Antonio Villalva<\/td><td class=\"has-text-align-center\" data-align=\"center\"><\/td><\/tr><tr><td class=\"has-text-align-center\" data-align=\"center\">Antonio Dur\u00e1n y Ana Rodr\u00edguez<\/td><td class=\"has-text-align-center\" data-align=\"center\"><\/td><\/tr><tr><td class=\"has-text-align-center\" data-align=\"center\"><strong>7\u00aa GENERACI\u00d3N<\/strong><\/td><td class=\"has-text-align-center\" data-align=\"center\"><strong>7\u00aa GENERACI\u00d3N<\/strong><\/td><\/tr><tr><td class=\"has-text-align-center\" data-align=\"center\"><a href=\"http:\/\/caldejara.es\/?page_id=408\" data-type=\"URL\" data-id=\"http:\/\/caldejara.es\/?page_id=408\" target=\"_blank\" rel=\"noreferrer noopener\">Francisco de la Jara Guill\u00e9n y Beatriz Ru\u00edz Mar\u00edn<\/a><\/td><td class=\"has-text-align-center\" data-align=\"center\">Jos\u00e9 Mar\u00eda Barroso y Rosal\u00eda Josefa G\u00f3mez Moriel<\/td><\/tr><tr><td class=\"has-text-align-center\" data-align=\"center\"><a href=\"http:\/\/caldejara.es\/?page_id=552\" data-type=\"URL\" data-id=\"http:\/\/caldejara.es\/?page_id=552\" target=\"_blank\" rel=\"noreferrer noopener\">Francisco Romero Castro y Antonia Esquivel S\u00e1nchez<\/a><\/td><td class=\"has-text-align-center\" data-align=\"center\">Roque S\u00e1nchez Lobato y Juana Atienza<\/td><\/tr><tr><td class=\"has-text-align-center\" data-align=\"center\">Pedro del R\u00edo Moreno y Leonor Mar\u00edn Moreno<\/td><td class=\"has-text-align-center\" data-align=\"center\">Francisco de la Flor y Josefa Zarco<\/td><\/tr><tr><td class=\"has-text-align-center\" data-align=\"center\">Francisco Rodr\u00edguez Cobos y Francisca Rodr\u00edguez Verguis<\/td><td class=\"has-text-align-center\" data-align=\"center\"><\/td><\/tr><tr><td class=\"has-text-align-center\" data-align=\"center\">Jos\u00e9 Mar\u00eda Carrasco S\u00e1nchez y Teresa Moreno Morales<\/td><td class=\"has-text-align-center\" data-align=\"center\"><\/td><\/tr><tr><td class=\"has-text-align-center\" data-align=\"center\">Crist\u00f3bal de G\u00f3ngora Garrido y Antonia Garc\u00eda Galeti<\/td><td class=\"has-text-align-center\" data-align=\"center\"><\/td><\/tr><tr><td class=\"has-text-align-center\" data-align=\"center\">Lorenzo Romero Illescas y Juana de la Cruz Blanco Fern\u00e1ndez<\/td><td class=\"has-text-align-center\" data-align=\"center\"><\/td><\/tr><tr><td class=\"has-text-align-center\" data-align=\"center\">Francisco Tenorio Gago y Josefa Monroy Mar\u00edn<\/td><td class=\"has-text-align-center\" data-align=\"center\"><\/td><\/tr><tr><td class=\"has-text-align-center\" data-align=\"center\"><strong>8\u00aa GENERACI\u00d3N<\/strong><\/td><td class=\"has-text-align-center\" data-align=\"center\"><strong>8\u00aa GENERACI\u00d3N<\/strong><\/td><\/tr><tr><td class=\"has-text-align-center\" data-align=\"center\"><a href=\"http:\/\/caldejara.es\/?page_id=570\" data-type=\"URL\" data-id=\"http:\/\/caldejara.es\/?page_id=570\">Francisco de la Jara Morito y Leonor Guill\u00e9n<\/a><\/td><td class=\"has-text-align-center\" data-align=\"center\"><\/td><\/tr><tr><td class=\"has-text-align-center\" data-align=\"center\">Melchor Ru\u00edz y Juana Mar\u00edn<\/td><td class=\"has-text-align-center\" data-align=\"center\">Felipe G\u00f3mez L\u00f3pez y Josefa Moriel Bela<\/td><\/tr><tr><td class=\"has-text-align-center\" data-align=\"center\">Pedro Esquivel e Isabel S\u00e1nchez Mu\u00f1oz<\/td><td class=\"has-text-align-center\" data-align=\"center\"><\/td><\/tr><tr><td class=\"has-text-align-center\" data-align=\"center\">Antonio Rodr\u00edguez y Mar\u00eda Cobos<\/td><td class=\"has-text-align-center\" data-align=\"center\"><\/td><\/tr><tr><td class=\"has-text-align-center\" data-align=\"center\">Crist\u00f3bal Rodr\u00edguez y Manuela Berguis<\/td><td class=\"has-text-align-center\" data-align=\"center\"><\/td><\/tr><tr><td class=\"has-text-align-center\" data-align=\"center\">Bartolom\u00e9 Carrasco G\u00f3mez y Mar\u00eda del Carmen S\u00e1nchez<\/td><td class=\"has-text-align-center\" data-align=\"center\"><\/td><\/tr><tr><td class=\"has-text-align-center\" data-align=\"center\">Francisco Moreno y Catalina Morales<\/td><td class=\"has-text-align-center\" data-align=\"center\"><\/td><\/tr><tr><td class=\"has-text-align-center\" data-align=\"center\">Francisco de G\u00f3ngora Blanco y Mar\u00eda Antonia Garrido Guerrero<\/td><td class=\"has-text-align-center\" data-align=\"center\"><\/td><\/tr><tr><td class=\"has-text-align-center\" data-align=\"center\">Marcos Garc\u00eda-Ben\u00edtez Pina y Agustina Galeti Asensio<\/td><td class=\"has-text-align-center\" data-align=\"center\"><\/td><\/tr><tr><td class=\"has-text-align-center\" data-align=\"center\">Lorenzo Romero y Francisca Illescas<\/td><td class=\"has-text-align-center\" data-align=\"center\"><\/td><\/tr><tr><td class=\"has-text-align-center\" data-align=\"center\">Juan Monroy Granados y Mar\u00eda Mar\u00edn Gal\u00edndos<\/td><td class=\"has-text-align-center\" data-align=\"center\"><\/td><\/tr><tr><td class=\"has-text-align-center\" data-align=\"center\"><strong>9\u00aa GENERACI\u00d3N<\/strong><\/td><td class=\"has-text-align-center\" data-align=\"center\"><\/td><\/tr><tr><td class=\"has-text-align-center\" data-align=\"center\"><a href=\"http:\/\/caldejara.es\/?page_id=424\" data-type=\"URL\" data-id=\"http:\/\/caldejara.es\/?page_id=424\">Francisco de la Jara M\u00e1rquez y Catalina Josefa Morito G\u00f3mez<\/a><\/td><td class=\"has-text-align-center\" data-align=\"center\"><\/td><\/tr><tr><td class=\"has-text-align-center\" data-align=\"center\"><strong>10\u00aa GENERACI\u00d3N<\/strong><\/td><td class=\"has-text-align-center\" data-align=\"center\"><\/td><\/tr><tr><td class=\"has-text-align-center\" data-align=\"center\"><a href=\"http:\/\/caldejara.es\/?page_id=594\" data-type=\"URL\" data-id=\"http:\/\/caldejara.es\/?page_id=594\">Francisco de la Jara y Catalina M\u00e1rquez Cortegana<\/a><\/td><td class=\"has-text-align-center\" data-align=\"center\"><\/td><\/tr><tr><td class=\"has-text-align-center\" data-align=\"center\">Alonso Morito Xim\u00e9nez y Mar\u00eda G\u00f3mez Daza<\/td><td class=\"has-text-align-center\" data-align=\"center\"><\/td><\/tr><tr><td class=\"has-text-align-center\" data-align=\"center\"><strong>11\u00aa GENERACI\u00d3N<\/strong><\/td><td class=\"has-text-align-center\" data-align=\"center\"><\/td><\/tr><tr><td class=\"has-text-align-center\" data-align=\"center\">Pedro S\u00e1nchez Pascual y Ana Xim\u00e9nez Moreno<\/td><td class=\"has-text-align-center\" data-align=\"center\"><\/td><\/tr><tr><td class=\"has-text-align-center\" data-align=\"center\">Pedro Cortegana Lozano e Isabel M\u00e1rquez Bustos<\/td><td class=\"has-text-align-center\" data-align=\"center\"><\/td><\/tr><tr><td class=\"has-text-align-center\" data-align=\"center\">Alonso S\u00e1nchez Morito y Mar\u00eda Xim\u00e9nez de Ledesma<\/td><td class=\"has-text-align-center\" data-align=\"center\"><\/td><\/tr><tr><td class=\"has-text-align-center\" data-align=\"center\">Juan S\u00e1nchez Daza y Catalina Mart\u00edn Alfaro<\/td><td class=\"has-text-align-center\" data-align=\"center\"><\/td><\/tr><tr><td class=\"has-text-align-center\" data-align=\"center\"><strong>12\u00aa GENERACI\u00d3N<\/strong><\/td><td class=\"has-text-align-center\" data-align=\"center\"><\/td><\/tr><tr><td class=\"has-text-align-center\" data-align=\"center\">Juan Dom\u00ednguez Correa y Pascuala P\u00e9rez<\/td><td class=\"has-text-align-center\" data-align=\"center\"><\/td><\/tr><tr><td class=\"has-text-align-center\" data-align=\"center\">Sebasti\u00e1n Jim\u00e9nez y Catalina Moreno<\/td><td class=\"has-text-align-center\" data-align=\"center\"><\/td><\/tr><tr><td class=\"has-text-align-center\" data-align=\"center\">Pedro Cortegana y Beatriz Lozano<\/td><td class=\"has-text-align-center\" data-align=\"center\"><\/td><\/tr><tr><td class=\"has-text-align-center\" data-align=\"center\">Nicol\u00e1s de Bustos y Catalina M\u00e1rquez<\/td><td class=\"has-text-align-center\" data-align=\"center\"><\/td><\/tr><\/tbody><\/table><\/figure>\n\n\n\n<p><\/p>\n\t\t\t\t\t\t\t\t<\/div>\n\t\t\t\t<\/div>\n\t\t\t\t\t<\/div>\n\t\t<\/div>\n\t\t\t\t\t<\/div>\n\t\t<\/section>\n\t\t\t\t<\/div>\n\t\t","protected":false},"excerpt":{"rendered":"<p>Toda esta investigaci\u00f3n, que empez\u00f3 por mayo de 2019, comenz\u00f3 por el DNI de mi abuelo paterno Antonio de la Jara. En esos momentos no &hellip; <\/p>\n","protected":false},"author":1,"featured_media":0,"parent":0,"menu_order":0,"comment_status":"closed","ping_status":"closed","template":"","meta":{"footnotes":""},"class_list":["post-171","page","type-page","status-publish","hentry"],"_links":{"self":[{"href":"http:\/\/caldejara.es\/index.php?rest_route=\/wp\/v2\/pages\/171","targetHints":{"allow":["GET"]}}],"collection":[{"href":"http:\/\/caldejara.es\/index.php?rest_route=\/wp\/v2\/pages"}],"about":[{"href":"http:\/\/caldejara.es\/index.php?rest_route=\/wp\/v2\/types\/page"}],"author":[{"embeddable":true,"href":"http:\/\/caldejara.es\/index.php?rest_route=\/wp\/v2\/users\/1"}],"replies":[{"embeddable":true,"href":"http:\/\/caldejara.es\/index.php?rest_route=%2Fwp%2Fv2%2Fcomments&post=171"}],"version-history":[{"count":60,"href":"http:\/\/caldejara.es\/index.php?rest_route=\/wp\/v2\/pages\/171\/revisions"}],"predecessor-version":[{"id":679,"href":"http:\/\/caldejara.es\/index.php?rest_route=\/wp\/v2\/pages\/171\/revisions\/679"}],"wp:attachment":[{"href":"http:\/\/caldejara.es\/index.php?rest_route=%2Fwp%2Fv2%2Fmedia&parent=171"}],"curies":[{"name":"wp","href":"https:\/\/api.w.org\/{rel}","templated":true}]}}